{"id":14,"date":"2022-05-12T15:09:40","date_gmt":"2022-05-12T13:09:40","guid":{"rendered":"https:\/\/www.eunews.it\/turismo\/?page_id=7"},"modified":"2024-06-24T15:54:42","modified_gmt":"2024-06-24T13:54:42","slug":"home","status":"publish","type":"page","link":"https:\/\/www.withub.it\/finanza24\/","title":{"rendered":"Finanza24"},"content":{"rendered":"<div class=\"wpb-content-wrapper\"><p>[vc_row css_animation=&#8221;&#8221; row_type=&#8221;row&#8221; use_row_as_full_screen_section=&#8221;no&#8221; type=&#8221;grid&#8221; angled_section=&#8221;no&#8221; text_align=&#8221;left&#8221; background_image_as_pattern=&#8221;without_pattern&#8221; z_index=&#8221;&#8221;][vc_column][vc_row_inner row_type=&#8221;row&#8221; type=&#8221;full_width&#8221; text_align=&#8221;left&#8221; css_animation=&#8221;&#8221; el_class=&#8221;no-padding&#8221;][vc_column_inner][vc_column_text css=&#8221;&#8221;]<\/p>\n<h1><b>GREEN ECONOMY FINANCE: LA FINANZA E LE ASSICURAZIONI NELLA TRANSIZIONE VERDE<\/b><\/h1>\n<p>[\/vc_column_text][vc_empty_space height=&#8221;50px&#8221;][\/vc_column_inner][\/vc_row_inner][vc_row_inner row_type=&#8221;row&#8221; type=&#8221;full_width&#8221; text_align=&#8221;left&#8221; css_animation=&#8221;&#8221; el_class=&#8221;no-padding&#8221; el_id=&#8221;loghi-withub&#8221;][vc_column_inner width=&#8221;1\/3&#8243; offset=&#8221;vc_col-xs-6&#8243;][vc_single_image image=&#8221;865&#8243; img_size=&#8221;148&#215;23&#8243; onclick=&#8221;custom_link&#8221; qode_css_animation=&#8221;&#8221; link=&#8221;https:\/\/www.eunews.it\/&#8221;][\/vc_column_inner][vc_column_inner width=&#8221;1\/3&#8243; offset=&#8221;vc_col-xs-6&#8243;][vc_single_image image=&#8221;864&#8243; img_size=&#8221;148&#215;62&#8243; onclick=&#8221;custom_link&#8221; img_link_target=&#8221;_blank&#8221; qode_css_animation=&#8221;&#8221; link=&#8221;https:\/\/geagency.it\/&#8221;][\/vc_column_inner][vc_column_inner width=&#8221;1\/3&#8243;][vc_single_image image=&#8221;869&#8243; img_size=&#8221;140&#215;62&#8243; onclick=&#8221;custom_link&#8221; img_link_target=&#8221;_blank&#8221; qode_css_animation=&#8221;&#8221; link=&#8221;https:\/\/www.articolo49.it\/&#8221;][\/vc_column_inner][\/vc_row_inner][vc_empty_space height=&#8221;50px&#8221;][vc_row_inner row_type=&#8221;row&#8221; type=&#8221;full_width&#8221; text_align=&#8221;left&#8221; css_animation=&#8221;&#8221; el_class=&#8221;no-padding&#8221;][vc_column_inner][vc_empty_space height=&#8221;20px&#8221;][vc_single_image image=&#8221;1610&#8243; img_size=&#8221;full&#8221; alignment=&#8221;center&#8221; css=&#8221;&#8221; qode_css_animation=&#8221;&#8221;][\/vc_column_inner][\/vc_row_inner][\/vc_column][\/vc_row][vc_row css_animation=&#8221;&#8221; row_type=&#8221;row&#8221; use_row_as_full_screen_section=&#8221;no&#8221; type=&#8221;grid&#8221; angled_section=&#8221;no&#8221; text_align=&#8221;left&#8221; background_image_as_pattern=&#8221;without_pattern&#8221; z_index=&#8221;&#8221; css=&#8221;.vc_custom_1678283013747{background-color: #ffffff !important;}&#8221; el_class=&#8221;no-padding&#8221; anchor=&#8221;streaming&#8221;][vc_column][vc_empty_space height=&#8221;16px&#8221;][vc_row_inner row_type=&#8221;row&#8221; type=&#8221;full_width&#8221; text_align=&#8221;left&#8221; css_animation=&#8221;&#8221;][vc_column_inner width=&#8221;1\/2&#8243;][vc_column_text css=&#8221;&#8221;]<\/p>\n<h4>19 GIUGNO 2024<\/h4>\n<p>&nbsp;<\/p>\n<p>Dalle 9.15 alle 13.15[\/vc_column_text][\/vc_column_inner][vc_column_inner width=&#8221;1\/2&#8243;][vc_column_text css=&#8221;&#8221;]<strong>Europa Experience David Sassoli<\/strong><br \/>\nPiazza Venezia 6 C, Roma[\/vc_column_text][\/vc_column_inner][\/vc_row_inner][vc_row_inner row_type=&#8221;row&#8221; type=&#8221;full_width&#8221; text_align=&#8221;left&#8221; css_animation=&#8221;&#8221; el_class=&#8221;blocco-programma&#8221;][vc_column_inner][vc_empty_space][vc_empty_space height=&#8221;16px&#8221;][vc_column_text css=&#8221;&#8221;]<\/p>\n<div class=\"wpb_text_column wpb_content_element \">\n<div class=\"wpb_wrapper\">\n<p>La transizione ecologica e gli obiettivi di contenimento delle emissioni climalteranti saranno al centro delle politiche Ue anche nella nuova legislatura, dopo il voto dell&#8217;8 e 9 giugno. Proseguir\u00e0 il dibattito sulla creazione di debito comune per finanziare la transizione verde e sulla necessit\u00e0 di coinvolgere e favorire gli investimenti privati per raggiungere l\u2019obiettivo Net Zero. Quali saranno le priorit\u00e0 alla luce dei nuovi equilibri al Parlamento europeo? Quale ruolo giocheranno banche e assicurazioni? Esponenti delle istituzioni comunitarie e nazionali si confronteranno con esperti, organizzazioni di categoria e operatori del settore finanziario e assicurativo nei due panel in programma. Il primo dedicato a &#8220;Capital Market Union e Sustainable Finance Framework: una nuova spinta per finanziare le transizioni ecologica e digitale&#8221;, il secondo su come &#8220;Fronteggiare i rischi climatici: il ruolo delle assicurazioni&#8221;. Al termine dell&#8217;evento verr\u00e0 offerto un light lunch.<\/p>\n<\/div>\n<\/div>\n<p>[\/vc_column_text][vc_empty_space height=&#8221;30px&#8221;][\/vc_column_inner][\/vc_row_inner][vc_row_inner row_type=&#8221;row&#8221; type=&#8221;full_width&#8221; text_align=&#8221;left&#8221; css_animation=&#8221;&#8221; el_class=&#8221;no-padding&#8221;][vc_column_inner width=&#8221;1\/5&#8243; offset=&#8221;vc_hidden-xs&#8221;][vc_empty_space height=&#8221;50px&#8221;][\/vc_column_inner][vc_column_inner width=&#8221;1\/5&#8243; offset=&#8221;vc_hidden-xs&#8221;][\/vc_column_inner][vc_column_inner width=&#8221;1\/5&#8243;]<a  itemprop=\"url\" href=\"#adesione\" target=\"_self\"  class=\"qbutton  big_large_full_width center default\" style=\"\">Iscriviti qui<\/a>[\/vc_column_inner][vc_column_inner width=&#8221;1\/5&#8243; offset=&#8221;vc_hidden-xs&#8221;][\/vc_column_inner][vc_column_inner width=&#8221;1\/5&#8243; offset=&#8221;vc_hidden-xs&#8221;][vc_empty_space height=&#8221;50px&#8221;][\/vc_column_inner][\/vc_row_inner][vc_row_inner row_type=&#8221;row&#8221; type=&#8221;full_width&#8221; text_align=&#8221;left&#8221; css_animation=&#8221;&#8221; el_class=&#8221;no-padding&#8221;][vc_column_inner][vc_empty_space height=&#8221;50px&#8221;][vc_video link=&#8221;https:\/\/www.youtube.com\/live\/XtEkovNPQhY?si=S7rmlYgk7Rmkm-S0&#8243; css=&#8221;&#8221;][\/vc_column_inner][\/vc_row_inner][vc_row_inner row_type=&#8221;row&#8221; type=&#8221;full_width&#8221; text_align=&#8221;left&#8221; css_animation=&#8221;&#8221; el_class=&#8221;no-padding&#8221;][vc_column_inner][vc_empty_space height=&#8221;50px&#8221;][vc_column_text css=&#8221;&#8221;]<\/p>\n<p style=\"text-align: center\">Il programma \u00e8 in continuo aggiornamento,<br \/>\nseguici per scoprire i nuovi relatori.<\/p>\n<p>[\/vc_column_text][vc_empty_space height=&#8221;40px&#8221;][\/vc_column_inner][\/vc_row_inner][vc_row_inner row_type=&#8221;row&#8221; type=&#8221;full_width&#8221; text_align=&#8221;left&#8221; css_animation=&#8221;&#8221; el_class=&#8221;no-padding&#8221;][vc_column_inner][vc_empty_space height=&#8221;20px&#8221;][\/vc_column_inner][\/vc_row_inner][\/vc_column][\/vc_row][vc_row css_animation=&#8221;&#8221; row_type=&#8221;row&#8221; use_row_as_full_screen_section=&#8221;no&#8221; type=&#8221;grid&#8221; angled_section=&#8221;no&#8221; text_align=&#8221;left&#8221; background_image_as_pattern=&#8221;without_pattern&#8221; el_class=&#8221;programma&#8221; z_index=&#8221;&#8221; css=&#8221;.vc_custom_1677511806373{background-color: #ffffff !important;}&#8221; el_id=&#8221;programma&#8221;][vc_column][vc_row_inner row_type=&#8221;row&#8221; type=&#8221;full_width&#8221; text_align=&#8221;left&#8221; css_animation=&#8221;&#8221;][vc_column_inner][vc_empty_space][vc_column_text]<strong>PROGRAMMA<\/strong>[\/vc_column_text][vc_empty_space height=&#8221;30px&#8221;][\/vc_column_inner][\/vc_row_inner][vc_row_inner row_type=&#8221;row&#8221; type=&#8221;full_width&#8221; text_align=&#8221;left&#8221; css_animation=&#8221;&#8221; el_class=&#8221;blocco-programma&#8221;][vc_column_inner width=&#8221;1\/6&#8243;][vc_column_text css=&#8221;&#8221; el_class=&#8221;box-programma&#8221;]<\/p>\n<p style=\"text-align: center\">Ore<\/p>\n<p style=\"text-align: center\"><strong>9.15<\/strong><\/p>\n<p>[\/vc_column_text][vc_empty_space height=&#8221;30px&#8221;][\/vc_column_inner][vc_column_inner width=&#8221;5\/6&#8243;][vc_empty_space][vc_column_text css=&#8221;&#8221;]Accreditamento e welcome coffee[\/vc_column_text][\/vc_column_inner][\/vc_row_inner][vc_empty_space height=&#8221;30px&#8221;][vc_row_inner row_type=&#8221;row&#8221; type=&#8221;full_width&#8221; text_align=&#8221;left&#8221; css_animation=&#8221;&#8221; el_class=&#8221;blocco-programma&#8221;][vc_column_inner width=&#8221;1\/6&#8243;][vc_column_text css=&#8221;&#8221; el_class=&#8221;box-programma&#8221;]<\/p>\n<p style=\"text-align: center\">Ore<\/p>\n<p style=\"text-align: center\"><strong>9.50<\/strong><\/p>\n<p>[\/vc_column_text][vc_empty_space height=&#8221;30px&#8221;][\/vc_column_inner][vc_column_inner width=&#8221;5\/6&#8243;][vc_column_text]<\/p>\n<h5>Saluti istituzionali<\/h5>\n<p>[\/vc_column_text][vc_column_text css=&#8221;&#8221;]<b>Fabrizio Spada<\/b>[\/vc_column_text]<div class=\"qode-accordion-holder clearfix qode-toggle qode-initial \">\n\t<h6 class=\"clearfix qode-title-holder\">\n<span class=\"qode-tab-title\">\n\t    <span class=\"qode-tab-title-inner\">\n        Ufficio del Parlamento Ue in Italia, Responsabile Relazioni istituzionali     <\/span>\n<\/span>\n<span class=\"qode-accordion-mark\">\n    <span class=\"qode-accordion-mark-icon\">\n        <span class=\"icon_plus\"><\/span>\n        <span class=\"icon_minus-06\"><\/span>\n    <\/span>\n<\/span>\n<\/h6>\n<div  class=\"qode-accordion-content \" >\n    <div class=\"qode-accordion-content-inner\">\n        [vc_column_text css=&#8221;&#8221;][\/vc_column_text][vc_column_text][\/vc_column_text]    <\/div>\n<\/div><\/div>[vc_empty_space height=&#8221;10px&#8221;][vc_column_text css=&#8221;&#8221;]<strong>Salvatore De Vita<\/strong>[\/vc_column_text]<div class=\"qode-accordion-holder clearfix qode-toggle qode-initial \">\n\t<h6 class=\"clearfix qode-title-holder\">\n<span class=\"qode-tab-title\">\n\t    <span class=\"qode-tab-title-inner\">\n        Rappresentanza della Commissione Ue in Italia, Consigliere economico     <\/span>\n<\/span>\n<span class=\"qode-accordion-mark\">\n    <span class=\"qode-accordion-mark-icon\">\n        <span class=\"icon_plus\"><\/span>\n        <span class=\"icon_minus-06\"><\/span>\n    <\/span>\n<\/span>\n<\/h6>\n<div  class=\"qode-accordion-content \" >\n    <div class=\"qode-accordion-content-inner\">\n        [vc_column_text css=&#8221;&#8221;][\/vc_column_text]    <\/div>\n<\/div><\/div>[vc_empty_space height=&#8221;10px&#8221;][\/vc_column_inner][\/vc_row_inner][vc_empty_space height=&#8221;30px&#8221;][vc_row_inner row_type=&#8221;row&#8221; type=&#8221;full_width&#8221; text_align=&#8221;left&#8221; css_animation=&#8221;&#8221; el_class=&#8221;blocco-programma&#8221;][vc_column_inner width=&#8221;1\/6&#8243;][vc_column_text css=&#8221;&#8221; el_class=&#8221;box-programma&#8221;]<\/p>\n<p style=\"text-align: center\">Ore<\/p>\n<p style=\"text-align: center\"><strong>10.00<\/strong><\/p>\n<p>[\/vc_column_text][\/vc_column_inner][vc_column_inner width=&#8221;5\/6&#8243;][vc_empty_space height=&#8221;30px&#8221;][vc_column_text css=&#8221;&#8221;]<b>CAPITAL MARKET UNION E SUSTAINABLE FINANCE FRAMEWORK: UNA NUOVA SPINTA PER FINANZIARE LE TRANSIZIONI ECOLOGICA E DIGITALE<\/b>[\/vc_column_text][vc_column_text css=&#8221;&#8221;]<span style=\"font-weight: 400\">Il completamento dell\u2019Unione del mercato di capitali \u00e8 una delle priorit\u00e0 per la legislatura Ue che si \u00e8 appena aperta. L\u2019obiettivo \u00e8 liberare risorse per gli investimenti, inclusi quelli necessari per le transizioni verde e digitale. Quale impulso sapr\u00e0 dare la CMU a un\u2019economia Ue pi\u00f9 sostenibile? La Sustainable Finance Framework \u00e8 una cornice idonea nella quale operare?<\/span>[\/vc_column_text][\/vc_column_inner][\/vc_row_inner][vc_empty_space height=&#8221;30px&#8221;][vc_row_inner row_type=&#8221;row&#8221; type=&#8221;full_width&#8221; text_align=&#8221;left&#8221; css_animation=&#8221;&#8221; el_class=&#8221;blocco-programma&#8221;][vc_column_inner width=&#8221;1\/6&#8243;][\/vc_column_inner][vc_column_inner el_class=&#8221;box-left-border&#8221; width=&#8221;5\/6&#8243;][vc_column_text]<\/p>\n<h5>Intervengono<\/h5>\n<p>[\/vc_column_text][vc_column_text css=&#8221;&#8221;]<b>Milena Messori<\/b>[\/vc_column_text]<div class=\"qode-accordion-holder clearfix qode-toggle qode-initial \">\n\t<h6 class=\"clearfix qode-title-holder\">\n<span class=\"qode-tab-title\">\n\t    <span class=\"qode-tab-title-inner\">\n        Capo dell\u2019Ufficio di Roma del Gruppo BEI \u2013 Capo Divisione Infrastrutture, Energia e Settore Pubblico Italia \u2013 Malta    <\/span>\n<\/span>\n<span class=\"qode-accordion-mark\">\n    <span class=\"qode-accordion-mark-icon\">\n        <span class=\"icon_plus\"><\/span>\n        <span class=\"icon_minus-06\"><\/span>\n    <\/span>\n<\/span>\n<\/h6>\n<div  class=\"qode-accordion-content \" >\n    <div class=\"qode-accordion-content-inner\">\n        [vc_column_text css=&#8221;&#8221;]<span style=\"font-weight: 400\"><img loading=\"lazy\" decoding=\"async\" class=\" wp-image-1698 alignleft\" src=\"https:\/\/www.withub.it\/finanza24\/wp-content\/uploads\/sites\/21\/2024\/05\/Messori_Milena-225x300.jpg\" alt=\"\" width=\"135\" height=\"180\" srcset=\"https:\/\/www.withub.it\/finanza24\/wp-content\/uploads\/sites\/21\/2024\/05\/Messori_Milena-225x300.jpg 225w, https:\/\/www.withub.it\/finanza24\/wp-content\/uploads\/sites\/21\/2024\/05\/Messori_Milena-600x800.jpg 600w, https:\/\/www.withub.it\/finanza24\/wp-content\/uploads\/sites\/21\/2024\/05\/Messori_Milena-700x933.jpg 700w, https:\/\/www.withub.it\/finanza24\/wp-content\/uploads\/sites\/21\/2024\/05\/Messori_Milena.jpg 769w\" sizes=\"auto, (max-width: 135px) 100vw, 135px\" \/>Rappresentante del Gruppo BEI a Roma dal febbraio 2024, responsabile per i finanziamenti a infrastrutture, utilities e settore pubblico, Milena Messori ha accumulato una lunga esperienza in operazioni al di fuori dell\u2019Unione Europea nel corso della sua carriera in BEI, ricoprendo vari ruoli come Direttore ad interim per il settore privato e Capo divisione equity e venture capital. Tra il 2009 e il 2012, ha ricoperto il ruolo di Capo dell\u2019ufficio BEI a Bucarest, in Romania.<\/span><\/p>\n<p><span style=\"font-weight: 400\">Milena Messori ha iniziato la sua carriera in Banca Mondiale, come responsabile di progetti infrastrutturali in Europa dell\u2019Est e Asia Centrale. Ha conseguito un MBA a INSEAD, un Master in Affari Internazionali alla George Washington University &#8211; Elliott School in quanto Fulbright scholar, e una laurea in Scienze Internazionali e Diplomatiche presso l\u2019Universit\u00e0 di Trieste<\/span>[\/vc_column_text][vc_column_text][\/vc_column_text]    <\/div>\n<\/div><\/div>[vc_empty_space height=&#8221;20px&#8221;][vc_column_text css=&#8221;&#8221;]<b>Fabio Massoli<\/b>[\/vc_column_text]<div class=\"qode-accordion-holder clearfix qode-toggle qode-initial \">\n\t<h6 class=\"clearfix qode-title-holder\">\n<span class=\"qode-tab-title\">\n\t    <span class=\"qode-tab-title-inner\">\n        CDP, Direttore Amministrazione, Finanza, Controllo e Sostenibilit\u00e0    <\/span>\n<\/span>\n<span class=\"qode-accordion-mark\">\n    <span class=\"qode-accordion-mark-icon\">\n        <span class=\"icon_plus\"><\/span>\n        <span class=\"icon_minus-06\"><\/span>\n    <\/span>\n<\/span>\n<\/h6>\n<div  class=\"qode-accordion-content \" >\n    <div class=\"qode-accordion-content-inner\">\n        [vc_column_text css=&#8221;&#8221;]<img loading=\"lazy\" decoding=\"async\" class=\"wp-image-1686 alignleft\" src=\"https:\/\/www.withub.it\/finanza24\/wp-content\/uploads\/sites\/21\/2024\/05\/Massoli_Fabio-300x170.jpg\" alt=\"\" width=\"247\" height=\"140\" srcset=\"https:\/\/www.withub.it\/finanza24\/wp-content\/uploads\/sites\/21\/2024\/05\/Massoli_Fabio-300x170.jpg 300w, https:\/\/www.withub.it\/finanza24\/wp-content\/uploads\/sites\/21\/2024\/05\/Massoli_Fabio-539x303.jpg 539w, https:\/\/www.withub.it\/finanza24\/wp-content\/uploads\/sites\/21\/2024\/05\/Massoli_Fabio.jpg 600w\" sizes=\"auto, (max-width: 247px) 100vw, 247px\" \/><\/p>\n<p><span style=\"font-weight: 400\">Da settembre 2022 \u00e8 Direttore Amministrazione, Finanza, Controllo e Sostenibilit\u00e0 (CFO) e Dirigente Preposto di Cassa Depositi e Prestiti (CDP). In CDP da novembre 2015, ha precedentemente ricoperto il ruolo di Responsabile Finanza.<br \/>\n<\/span><span style=\"font-weight: 400\">Ha maturato oltre 30 anni di esperienza nei mercati finanziari, finanza d\u2019impresa, mercato dei capitali e finanza strutturata, ricoprendo incarichi di crescente responsabilit\u00e0 in primarie istituzioni finanziarie nazionali e internazionali, quali Gruppo Capitalia, Gruppo UniCredit e il Gruppo BNP Paribas.<br \/>\n<\/span><span style=\"font-weight: 400\">\u00c8 stato membro di consigli di amministrazione di societ\u00e0 quotate e non quotate quali Ansaldo Energia, SIA SpA, Vicepresidente del consiglio di amministrazione del Gruppo Nexi e Presidente del consiglio di amministrazione di Sace FCT.<br \/>\n<\/span><span style=\"font-weight: 400\">\u00c8 attualmente consigliere di amministrazione di Autostrade per l\u2019Italia (ASPI) e professore a contratto al Master in Corporate Finance della Luiss Business School.<\/span>[\/vc_column_text][vc_column_text][\/vc_column_text]    <\/div>\n<\/div><\/div>[vc_empty_space height=&#8221;20px&#8221;][vc_column_text css=&#8221;&#8221;]<strong>Greti Lucaroni<\/strong>[\/vc_column_text]<div class=\"qode-accordion-holder clearfix qode-toggle qode-initial \">\n\t<h6 class=\"clearfix qode-title-holder\">\n<span class=\"qode-tab-title\">\n\t    <span class=\"qode-tab-title-inner\">\n        Ministero dell&#039;Ambiente e Sicurezza energetica, Senior Economist DG AEIF    <\/span>\n<\/span>\n<span class=\"qode-accordion-mark\">\n    <span class=\"qode-accordion-mark-icon\">\n        <span class=\"icon_plus\"><\/span>\n        <span class=\"icon_minus-06\"><\/span>\n    <\/span>\n<\/span>\n<\/h6>\n<div  class=\"qode-accordion-content \" >\n    <div class=\"qode-accordion-content-inner\">\n        [vc_column_text css=&#8221;&#8221;][\/vc_column_text][vc_column_text css=&#8221;&#8221;]<span style=\"font-weight: 400\"><img loading=\"lazy\" decoding=\"async\" class=\"alignleft wp-image-1783\" src=\"https:\/\/www.withub.it\/finanza24\/wp-content\/uploads\/sites\/21\/2024\/06\/Lucaroni_Greti-228x300.jpg\" alt=\"\" width=\"114\" height=\"150\" srcset=\"https:\/\/www.withub.it\/finanza24\/wp-content\/uploads\/sites\/21\/2024\/06\/Lucaroni_Greti-228x300.jpg 228w, https:\/\/www.withub.it\/finanza24\/wp-content\/uploads\/sites\/21\/2024\/06\/Lucaroni_Greti-700x922.jpg 700w, https:\/\/www.withub.it\/finanza24\/wp-content\/uploads\/sites\/21\/2024\/06\/Lucaroni_Greti.jpg 710w\" sizes=\"auto, (max-width: 114px) 100vw, 114px\" \/>Laureata in Scienze Economiche e Bancarie presso l&#8217;Universit\u00e0 di Siena, PhD in Economics and Finance presso l&#8217;Universit\u00e0 di Verona in co-tutela presso l&#8217;Environment Department, University of York (UK). Senior Economist presso il MASE dove si \u00e8 occupata principalmente di Finanza Sostenibile e Fiscalit\u00e0 Ambientale.<\/span>[\/vc_column_text]    <\/div>\n<\/div><\/div>[vc_empty_space height=&#8221;20px&#8221;][vc_column_text css=&#8221;&#8221;]<strong>Marcello Bianchi<\/strong>[\/vc_column_text]<div class=\"qode-accordion-holder clearfix qode-toggle qode-initial \">\n\t<h6 class=\"clearfix qode-title-holder\">\n<span class=\"qode-tab-title\">\n\t    <span class=\"qode-tab-title-inner\">\n        Vicedirettore generale di Assonime e componente del Board sulla Sostenibilit\u00e0 di EFRAG    <\/span>\n<\/span>\n<span class=\"qode-accordion-mark\">\n    <span class=\"qode-accordion-mark-icon\">\n        <span class=\"icon_plus\"><\/span>\n        <span class=\"icon_minus-06\"><\/span>\n    <\/span>\n<\/span>\n<\/h6>\n<div  class=\"qode-accordion-content \" >\n    <div class=\"qode-accordion-content-inner\">\n        [vc_column_text css=&#8221;&#8221;]<span style=\"font-weight: 400\"><img loading=\"lazy\" decoding=\"async\" class=\" wp-image-1712 alignleft\" src=\"https:\/\/www.withub.it\/finanza24\/wp-content\/uploads\/sites\/21\/2024\/05\/Bianchi_Marcello-300x233.jpg\" alt=\"\" width=\"252\" height=\"196\" srcset=\"https:\/\/www.withub.it\/finanza24\/wp-content\/uploads\/sites\/21\/2024\/05\/Bianchi_Marcello-300x233.jpg 300w, https:\/\/www.withub.it\/finanza24\/wp-content\/uploads\/sites\/21\/2024\/05\/Bianchi_Marcello.jpg 643w\" sizes=\"auto, (max-width: 252px) 100vw, 252px\" \/>Vicedirettore generale di Assonime (Associazione Italiana delle Societ\u00e0 per Azioni) con delega alla corporate governance e all&#8217;Unit\u00e0 mercati dei capitali, Marcello Bianchi \u00e8 membro del consiglio di amministrazione di EuropeanIssuers (l&#8217;associazione delle societ\u00e0 quotate europee) e del Sustainability Board dell&#8217;EFRAG (lo standard setter dell&#8217;Unione Europea per le informazioni sulla sostenibilit\u00e0). \u00c8 coordinatore della segreteria tecnica del Comitato Italiano per la Corporate Governance. \u00c8 membro del Consultation Board di Borsa Italiana.<\/span><\/p>\n<p><span style=\"font-weight: 400\">Dal 1990 al 2016 \u00e8 stato responsabile della vigilanza e della regolamentazione in materia di corporate governance presso la Consob.Dal 2019 al 2020 \u00e8 stato presidente del Comitato consultivo per la riforma della corporate governance istituito dalla Repubblica dell&#8217;Unione di Myanmar in collaborazione con l&#8217;OCSE. Dal 2007 al 2017 \u00e8 stato presidente del Comitato per la Corporate Governance dell&#8217;OCSE. Nel 2014 \u00e8 stato presidente del gruppo di lavoro sul diritto societario presso il Consiglio europeo durante la presidenza italiana dell&#8217;Unione europea. Ha pubblicato numerose pubblicazioni su riviste nazionali e internazionali in materia di corporate governance e mercati dei capitali.<\/span><\/p>\n<p>[\/vc_column_text]    <\/div>\n<\/div><\/div>[vc_empty_space height=&#8221;20px&#8221;][vc_column_text css=&#8221;&#8221;]<strong>Alessandro Asmundo<\/strong>[\/vc_column_text]<div class=\"qode-accordion-holder clearfix qode-toggle qode-initial \">\n\t<h6 class=\"clearfix qode-title-holder\">\n<span class=\"qode-tab-title\">\n\t    <span class=\"qode-tab-title-inner\">\n        Responsabile Policy del Forum Finanza sostenibile    <\/span>\n<\/span>\n<span class=\"qode-accordion-mark\">\n    <span class=\"qode-accordion-mark-icon\">\n        <span class=\"icon_plus\"><\/span>\n        <span class=\"icon_minus-06\"><\/span>\n    <\/span>\n<\/span>\n<\/h6>\n<div  class=\"qode-accordion-content \" >\n    <div class=\"qode-accordion-content-inner\">\n        [vc_column_text css=&#8221;&#8221;]<span style=\"font-weight: 400\"><img loading=\"lazy\" decoding=\"async\" class=\" wp-image-1748 alignleft\" src=\"https:\/\/www.withub.it\/finanza24\/wp-content\/uploads\/sites\/21\/2024\/06\/Asmundo-199x300.jpg\" alt=\"\" width=\"125\" height=\"188\" srcset=\"https:\/\/www.withub.it\/finanza24\/wp-content\/uploads\/sites\/21\/2024\/06\/Asmundo-199x300.jpg 199w, https:\/\/www.withub.it\/finanza24\/wp-content\/uploads\/sites\/21\/2024\/06\/Asmundo.jpg 631w\" sizes=\"auto, (max-width: 125px) 100vw, 125px\" \/>Dopo aver conseguito una laurea in Economia e Management, ha perfezionato i suoi studi con una magistrale in Economics and Finance a indirizzo Public Finance all\u2019Universit\u00e0 degli studi di Padova. Come assistente di ricerca presso il CRIEP \u2013 Centro Interuniversitario di Ricerca sull\u2019Economia Pubblica, si \u00e8 concentrato su ricerca e analisi statistica nell\u2019ambito di economia pubblica, ambientale e sanitaria. Ha pi\u00f9 di cinque anni di esperienza professionale in attivit\u00e0 di ricerca, raccolta e analisi dati, grazie al ruolo di Research Officer per il Forum per la Finanza Sostenibile, ente non-profit che opera con l\u2019obiettivo di promuovere la conoscenza e la pratica degli investimenti sostenibili e responsabili. Dal 2021 \u00e8 responsabile dell\u2019area di policy per l\u2019associazione.<\/span>[\/vc_column_text]    <\/div>\n<\/div><\/div>[vc_empty_space height=&#8221;20px&#8221;][vc_column_text css=&#8221;&#8221;]<b>Marcel Haag<\/b>[\/vc_column_text]<div class=\"qode-accordion-holder clearfix qode-toggle qode-initial \">\n\t<h6 class=\"clearfix qode-title-holder\">\n<span class=\"qode-tab-title\">\n\t    <span class=\"qode-tab-title-inner\">\n        Commissione Ue, Direttore Politiche orizzontali DG FISMA    <\/span>\n<\/span>\n<span class=\"qode-accordion-mark\">\n    <span class=\"qode-accordion-mark-icon\">\n        <span class=\"icon_plus\"><\/span>\n        <span class=\"icon_minus-06\"><\/span>\n    <\/span>\n<\/span>\n<\/h6>\n<div  class=\"qode-accordion-content \" >\n    <div class=\"qode-accordion-content-inner\">\n        [vc_column_text css=&#8221;&#8221;]<span style=\"font-weight: 400\"><img loading=\"lazy\" decoding=\"async\" class=\" wp-image-1688 alignleft\" src=\"https:\/\/www.withub.it\/finanza24\/wp-content\/uploads\/sites\/21\/2024\/05\/Haag_Marcel-225x300.jpg\" alt=\"\" width=\"157\" height=\"209\" srcset=\"https:\/\/www.withub.it\/finanza24\/wp-content\/uploads\/sites\/21\/2024\/05\/Haag_Marcel-225x300.jpg 225w, https:\/\/www.withub.it\/finanza24\/wp-content\/uploads\/sites\/21\/2024\/05\/Haag_Marcel.jpg 479w\" sizes=\"auto, (max-width: 157px) 100vw, 157px\" \/>Marcel Haag ha studiato legge presso le Universit\u00e0 di Friburgo, Bonn, Strasburgo e presso l&#8217;Istituto universitario europeo di Firenze. Ha ottenuto la qualifica di giudice a D\u00fcsseldorf. Dopo un breve periodo nel mondo degli affari, \u00e8 entrato a far parte della Commissione europea e ha lavorato in diversi servizi della Commissione. Fino all&#8217;estate del 2020, Haag \u00e8 stato direttore del coordinamento delle politiche presso il Segretariato generale della Commissione.\u00a0 Attualmente \u00e8 direttore per le politiche orizzontali presso la Direzione generale per la stabilit\u00e0 finanziaria, i servizi finanziari e l&#8217;Unione dei mercati dei capitali.<\/span>[\/vc_column_text]    <\/div>\n<\/div><\/div>[vc_empty_space height=&#8221;20px&#8221;][vc_column_text css=&#8221;&#8221;]<\/p>\n<h5><b>Modera<\/b><\/h5>\n<p>[\/vc_column_text][vc_column_text css=&#8221;&#8221;]<b>Giuliano Zulin<\/b>[\/vc_column_text]<div class=\"qode-accordion-holder clearfix qode-toggle qode-initial \">\n\t<h6 class=\"clearfix qode-title-holder\">\n<span class=\"qode-tab-title\">\n\t    <span class=\"qode-tab-title-inner\">\n        Responsabile redazione Economia di Gea    <\/span>\n<\/span>\n<span class=\"qode-accordion-mark\">\n    <span class=\"qode-accordion-mark-icon\">\n        <span class=\"icon_plus\"><\/span>\n        <span class=\"icon_minus-06\"><\/span>\n    <\/span>\n<\/span>\n<\/h6>\n<div  class=\"qode-accordion-content \" >\n    <div class=\"qode-accordion-content-inner\">\n        [vc_column_text css=&#8221;&#8221;]<img loading=\"lazy\" decoding=\"async\" class=\"wp-image-1704 alignleft\" src=\"https:\/\/www.withub.it\/finanza24\/wp-content\/uploads\/sites\/21\/2024\/05\/ImportedPhoto_1716999193869-194x300.jpg\" alt=\"\" width=\"137\" height=\"212\" srcset=\"https:\/\/www.withub.it\/finanza24\/wp-content\/uploads\/sites\/21\/2024\/05\/ImportedPhoto_1716999193869-194x300.jpg 194w, https:\/\/www.withub.it\/finanza24\/wp-content\/uploads\/sites\/21\/2024\/05\/ImportedPhoto_1716999193869.jpg 375w\" sizes=\"auto, (max-width: 137px) 100vw, 137px\" \/><span style=\"font-weight: 400\">Giuliano Zulin, classe 1977. Giornalista. Lavora a Green Economy Agency. Ex portavoce del presidente della Regione Veneto ed ex vicedirettore del quotidiano Libero. Innamorato della finanza e dell\u2019economia.<\/span>[\/vc_column_text]    <\/div>\n<\/div><\/div>[\/vc_column_inner][\/vc_row_inner][vc_empty_space][vc_row_inner row_type=&#8221;row&#8221; type=&#8221;full_width&#8221; text_align=&#8221;left&#8221; css_animation=&#8221;&#8221; el_class=&#8221;blocco-programma&#8221;][vc_column_inner width=&#8221;1\/6&#8243;][vc_column_text css=&#8221;&#8221; el_class=&#8221;box-programma&#8221;]<\/p>\n<p style=\"text-align: center\">Ore<\/p>\n<p style=\"text-align: center\"><strong>11.30<\/strong><\/p>\n<p>[\/vc_column_text][\/vc_column_inner][vc_column_inner width=&#8221;5\/6&#8243;][vc_empty_space height=&#8221;30px&#8221;][vc_column_text]<strong>Coffee break<\/strong>[\/vc_column_text][vc_column_text css=&#8221;&#8221;][\/vc_column_text][\/vc_column_inner][\/vc_row_inner][vc_empty_space][vc_row_inner row_type=&#8221;row&#8221; type=&#8221;full_width&#8221; text_align=&#8221;left&#8221; css_animation=&#8221;&#8221; el_class=&#8221;blocco-programma&#8221;][vc_column_inner width=&#8221;1\/6&#8243;][vc_column_text css=&#8221;&#8221; el_class=&#8221;box-programma&#8221;]<\/p>\n<p style=\"text-align: center\">Ore<\/p>\n<p style=\"text-align: center\"><strong>11.45<\/strong><\/p>\n<p>[\/vc_column_text][\/vc_column_inner][vc_column_inner width=&#8221;5\/6&#8243;][vc_empty_space height=&#8221;30px&#8221;][vc_column_text css=&#8221;&#8221;]<b>GREEN FINANCE AWARD 2024<\/b>[\/vc_column_text][vc_column_text css=&#8221;&#8221;]<span style=\"font-weight: 400\">Premiazione dei fondi di investimento che nella classifica realizzata da Gea Agency e FIDA hanno garantito i migliori rendimenti puntando sulla transizione ecologica<\/span>[\/vc_column_text][vc_empty_space height=&#8221;20px&#8221;][\/vc_column_inner][\/vc_row_inner][vc_empty_space height=&#8221;30px&#8221;][vc_row_inner row_type=&#8221;row&#8221; type=&#8221;full_width&#8221; text_align=&#8221;left&#8221; css_animation=&#8221;&#8221; el_class=&#8221;blocco-programma&#8221;][vc_column_inner width=&#8221;1\/6&#8243;][\/vc_column_inner][vc_column_inner el_class=&#8221;box-left-border&#8221; width=&#8221;5\/6&#8243;][vc_column_text css=&#8221;&#8221;]<\/p>\n<h5><b>Interviene<\/b><\/h5>\n<p>[\/vc_column_text][vc_column_text css=&#8221;&#8221;]<strong>Gianni Costan<\/strong>[\/vc_column_text]<div class=\"qode-accordion-holder clearfix qode-toggle qode-initial \">\n\t<h6 class=\"clearfix qode-title-holder\">\n<span class=\"qode-tab-title\">\n\t    <span class=\"qode-tab-title-inner\">\n        Amministratore delegato di Fida    <\/span>\n<\/span>\n<span class=\"qode-accordion-mark\">\n    <span class=\"qode-accordion-mark-icon\">\n        <span class=\"icon_plus\"><\/span>\n        <span class=\"icon_minus-06\"><\/span>\n    <\/span>\n<\/span>\n<\/h6>\n<div  class=\"qode-accordion-content \" >\n    <div class=\"qode-accordion-content-inner\">\n        [vc_column_text css=&#8221;&#8221;]<img loading=\"lazy\" decoding=\"async\" class=\"wp-image-1740 alignleft\" src=\"https:\/\/www.withub.it\/finanza24\/wp-content\/uploads\/sites\/21\/2024\/06\/Costan_Gianni-300x253.jpg\" alt=\"\" width=\"198\" height=\"167\" srcset=\"https:\/\/www.withub.it\/finanza24\/wp-content\/uploads\/sites\/21\/2024\/06\/Costan_Gianni-300x253.jpg 300w, https:\/\/www.withub.it\/finanza24\/wp-content\/uploads\/sites\/21\/2024\/06\/Costan_Gianni.jpg 475w\" sizes=\"auto, (max-width: 198px) 100vw, 198px\" \/><\/p>\n<p><span style=\"font-weight: 400\">Dopo la laurea in Ingegneria Meccanica presso il Politecnico di Torino e un\u2019esperienza triennale presso il Centro Ricerche Fiat, avvia il percorso professionale nella finanza.<\/span><\/p>\n<p><span style=\"font-weight: 400\">Dopo un affinamento sui mercati come trader, diventa amministratore delegato di CDB, gestendo progetti di sviluppi di modelli di gestione quantitativa di portafogli finanziari e lo sviluppo di applicazioni software di portfolio analytics.<\/span><\/p>\n<p><span style=\"font-weight: 400\">Quando la societ\u00e0 confluisce nel gruppo ADB diventa parte del team del comitato tecnico di advisory di ADB \u2013 Analisi Dati Borsa dal 2009 al 2011 seguendo progetti di modelli quantitativi di gestione di portafoglio.<\/span><\/p>\n<p><span style=\"font-weight: 400\">Dal 2012 \u00e8 amministratore delegato del Gruppo FIDA, specializzato nello sviluppo di applicazioni e progetti per l\u2019investment management e per le tecnologie di distribuzione dei dati finanziari, e leader nella raccolta, analisi e distribuzione di dati nel risparmio gestito, con particolare riferimento ai fondi comuni di investimento.<\/span><\/p>\n<p><span style=\"font-weight: 400\">Dal 2015 \u00e8 membro del board di Alfa Consulenza Scf, in cui continua a seguire progetti di modelli quantitativi per portafogli di investimenti.<\/span>[\/vc_column_text]    <\/div>\n<\/div><\/div>[\/vc_column_inner][\/vc_row_inner][vc_empty_space][vc_row_inner row_type=&#8221;row&#8221; type=&#8221;full_width&#8221; text_align=&#8221;left&#8221; css_animation=&#8221;&#8221; el_class=&#8221;blocco-programma&#8221;][vc_column_inner width=&#8221;1\/6&#8243;][vc_column_text css=&#8221;&#8221; el_class=&#8221;box-programma&#8221;]<\/p>\n<p style=\"text-align: center\">Ore<\/p>\n<p style=\"text-align: center\"><strong>12.00<\/strong><\/p>\n<p>[\/vc_column_text][\/vc_column_inner][vc_column_inner width=&#8221;5\/6&#8243;][vc_empty_space height=&#8221;30px&#8221;][vc_column_text css=&#8221;&#8221;]<b>FRONTEGGIARE I RISCHI CLIMATICI: IL RUOLO DELLE ASSICURAZIONI<\/b>[\/vc_column_text][vc_column_text css=&#8221;&#8221;]<span style=\"font-weight: 400\">La frequenza e l\u2019intensit\u00e0 dei fenomeni meteorologici stanno rendendo sempre pi\u00f9 evidenti gli effetti dei cambiamenti climatici e pongono il problema della protezione dagli impatti negativi per l\u2019economia. La coscienza della necessit\u00e0 di assicurare le produzioni agricole e manifatturiere stenta per\u00f2 a farsi largo tra gli operatori, che vedono ulteriori costi da sostenere e temo ulteriori erosioni dei propri margini di profitto. Come superare queste resistenze e tutelare le produzioni europee contro i rischi climatici? Oltre a proteggere gli operatori dai danni che siccit\u00e0 o alluvioni possono causare ai raccolti o alle produzioni industriali, qual \u00e8 il ruolo che le assicurazioni possono giocare a sostegno della transizione ecologica?<\/span>[\/vc_column_text][\/vc_column_inner][\/vc_row_inner][vc_empty_space height=&#8221;30px&#8221;][vc_row_inner row_type=&#8221;row&#8221; type=&#8221;full_width&#8221; text_align=&#8221;left&#8221; css_animation=&#8221;&#8221; el_class=&#8221;blocco-programma&#8221;][vc_column_inner width=&#8221;1\/6&#8243;][\/vc_column_inner][vc_column_inner el_class=&#8221;box-left-border&#8221; width=&#8221;5\/6&#8243;][vc_column_text]<\/p>\n<h5>Intervengono<\/h5>\n<p>[\/vc_column_text][vc_empty_space height=&#8221;20px&#8221;][vc_column_text css=&#8221;&#8221;]<b>Riccardo Cesari<\/b>[\/vc_column_text]<div class=\"qode-accordion-holder clearfix qode-toggle qode-initial \">\n\t<h6 class=\"clearfix qode-title-holder\">\n<span class=\"qode-tab-title\">\n\t    <span class=\"qode-tab-title-inner\">\n        Componente del Consiglio IVASS    <\/span>\n<\/span>\n<span class=\"qode-accordion-mark\">\n    <span class=\"qode-accordion-mark-icon\">\n        <span class=\"icon_plus\"><\/span>\n        <span class=\"icon_minus-06\"><\/span>\n    <\/span>\n<\/span>\n<\/h6>\n<div  class=\"qode-accordion-content \" >\n    <div class=\"qode-accordion-content-inner\">\n        [vc_column_text css=&#8221;&#8221;]<span style=\"font-weight: 400\"><img loading=\"lazy\" decoding=\"async\" class=\" wp-image-1690 alignleft\" src=\"https:\/\/www.withub.it\/finanza24\/wp-content\/uploads\/sites\/21\/2024\/05\/Cesari_Riccardo-300x300.jpg\" alt=\"\" width=\"221\" height=\"221\" srcset=\"https:\/\/www.withub.it\/finanza24\/wp-content\/uploads\/sites\/21\/2024\/05\/Cesari_Riccardo-300x300.jpg 300w, https:\/\/www.withub.it\/finanza24\/wp-content\/uploads\/sites\/21\/2024\/05\/Cesari_Riccardo-1024x1024.jpg 1024w, https:\/\/www.withub.it\/finanza24\/wp-content\/uploads\/sites\/21\/2024\/05\/Cesari_Riccardo-120x120.jpg 120w, https:\/\/www.withub.it\/finanza24\/wp-content\/uploads\/sites\/21\/2024\/05\/Cesari_Riccardo-768x768.jpg 768w, https:\/\/www.withub.it\/finanza24\/wp-content\/uploads\/sites\/21\/2024\/05\/Cesari_Riccardo-1536x1536.jpg 1536w, https:\/\/www.withub.it\/finanza24\/wp-content\/uploads\/sites\/21\/2024\/05\/Cesari_Riccardo-2048x2048.jpg 2048w, https:\/\/www.withub.it\/finanza24\/wp-content\/uploads\/sites\/21\/2024\/05\/Cesari_Riccardo-570x570.jpg 570w, https:\/\/www.withub.it\/finanza24\/wp-content\/uploads\/sites\/21\/2024\/05\/Cesari_Riccardo-500x500.jpg 500w, https:\/\/www.withub.it\/finanza24\/wp-content\/uploads\/sites\/21\/2024\/05\/Cesari_Riccardo-1000x1000.jpg 1000w, https:\/\/www.withub.it\/finanza24\/wp-content\/uploads\/sites\/21\/2024\/05\/Cesari_Riccardo-700x700.jpg 700w\" sizes=\"auto, (max-width: 221px) 100vw, 221px\" \/>Membro del Consiglio dell&#8217;IVASS dal 1\u00b0 gennaio 2013. Dal 2001 \u00e8 professore ordinario di Metodi Matematici per l&#8217;Economia e le Scienze Attuariali e Finanziarie dell&#8217;Universit\u00e0 di Bologna.<br \/>\n<\/span><span style=\"font-weight: 400\">Nel 1994, dopo aver conseguito il D.Phil all&#8217;Universit\u00e0 di Oxford con una tesi in Financial Economics, \u00e8 professore associato dell&#8217;Universit\u00e0 di Lecce e, dal 1996, professore ordinario dell&#8217;Universit\u00e0 di Bologna.<br \/>\n<\/span><span style=\"font-weight: 400\">Dal 1984 al 1994, dopo aver vinto la Borsa di studio &#8220;Giorgio Mortara&#8221;, opera in Banca d&#8217;Italia prima presso il Servizio Studi e poi presso le sedi di Bologna e Trieste.<br \/>\n<\/span><span style=\"font-weight: 400\">\u00c8 laureato in Scienze Statistiche ed Economiche presso l&#8217;Alma Mater &#8211; Universit\u00e0 di Bologna (1983).<br \/>\n<\/span><span style=\"font-weight: 400\">Ha diretto un Corso di Alta Formazione in Economia e Diritto della Previdenza Complementare ed \u00e8 stato responsabile scientifico di un Master universitario di II livello e di una Laurea Magistrale in Quantitative Finance.<br \/>\n<\/span><span style=\"font-weight: 400\">Ha svolto attivit\u00e0 di ricerca nel campo finanziario, con particolare riferimento alla struttura per scadenza dei tassi d&#8217;interesse, alla valutazione dei titoli strutturati, all&#8217;analisi dei fondi comuni e dei fondi pensione, ai modelli previsivi dei mercati finanziari e di allocazione finanziaria ottimale strategica e tattica, alle garanzie implicite nei contratti assicurativi e ai problemi di solvibilit\u00e0 nei rami assicurativi Vita e Danni.<br \/>\n<\/span><span style=\"font-weight: 400\">\u00c8 stato <\/span><i><span style=\"font-weight: 400\">referee<\/span><\/i><span style=\"font-weight: 400\"> di numerose riviste internazionali e autore di libri e articoli pubblicati sulla stampa specializzata a livello nazionale e internazionale. Alcuni contributi sono stati pubblicati sulla stampa quotidiana (Corriere della Sera, Sole 24 Ore) e su internet (<\/span><a href=\"http:\/\/www.lavoce.info\" target=\"_blank\" rel=\"noopener\"><span style=\"font-weight: 400\">www.lavoce.info<\/span><\/a><span style=\"font-weight: 400\"> ,<\/span><a href=\"http:\/\/www.voxeu.org\" target=\"_blank\" rel=\"noopener\"> <span style=\"font-weight: 400\">www.voxeu.org<\/span><\/a><span style=\"font-weight: 400\"> ,<\/span><a href=\"http:\/\/www.ivass.it\" target=\"_blank\" rel=\"noopener\"> <span style=\"font-weight: 400\">www.ivass.it<\/span><\/a><span style=\"font-weight: 400\"> Pubblicazioni-Quaderni). Tra le pubblicazioni pi\u00f9 recenti :<\/span><i><span style=\"font-weight: 400\"> Tfr e fondi pensione<\/span><\/i><span style=\"font-weight: 400\">, Il Mulino, 2007; <\/span><i><span style=\"font-weight: 400\">Introduzione alla Finanza Matematica. Concetti di base, tassi e obbligazioni<\/span><\/i><span style=\"font-weight: 400\">, McGraw-Hill, 2012; <\/span><i><span style=\"font-weight: 400\">Introduzione alla Finanza Matematica. Mercati azionari, rischi e portafogli<\/span><\/i><span style=\"font-weight: 400\">, McGraw-Hill, 2012; <\/span><i><span style=\"font-weight: 400\">Introduzione alla Finanza Matematica. Derivati, prezzi e coperture<\/span><\/i><span style=\"font-weight: 400\">, Springer, 2009; due capitoli del volume<\/span><i><span style=\"font-weight: 400\"> Portfolio Theory &amp; Management<\/span><\/i><span style=\"font-weight: 400\">, Oxford University Press, 2012; il volume <\/span><i><span style=\"font-weight: 400\">Risk Management e Imprese di Assicurazione<\/span><\/i><span style=\"font-weight: 400\">, (con A. Valerio), Aracne, 2019.<\/span>[\/vc_column_text]    <\/div>\n<\/div><\/div>[vc_empty_space height=&#8221;20px&#8221;][vc_column_text css=&#8221;&#8221;]<b>Maria Siclari<\/b>[\/vc_column_text]<div class=\"qode-accordion-holder clearfix qode-toggle qode-initial \">\n\t<h6 class=\"clearfix qode-title-holder\">\n<span class=\"qode-tab-title\">\n\t    <span class=\"qode-tab-title-inner\">\n        Direttrice generale di ISPRA    <\/span>\n<\/span>\n<span class=\"qode-accordion-mark\">\n    <span class=\"qode-accordion-mark-icon\">\n        <span class=\"icon_plus\"><\/span>\n        <span class=\"icon_minus-06\"><\/span>\n    <\/span>\n<\/span>\n<\/h6>\n<div  class=\"qode-accordion-content \" >\n    <div class=\"qode-accordion-content-inner\">\n        [vc_column_text css=&#8221;&#8221;]<span style=\"font-weight: 400\"><img loading=\"lazy\" decoding=\"async\" class=\"size-medium wp-image-1691 alignleft\" src=\"https:\/\/www.withub.it\/finanza24\/wp-content\/uploads\/sites\/21\/2024\/05\/Siclari_Maria1-1-300x200.jpg\" alt=\"\" width=\"300\" height=\"200\" srcset=\"https:\/\/www.withub.it\/finanza24\/wp-content\/uploads\/sites\/21\/2024\/05\/Siclari_Maria1-1-300x200.jpg 300w, https:\/\/www.withub.it\/finanza24\/wp-content\/uploads\/sites\/21\/2024\/05\/Siclari_Maria1-1-1024x684.jpg 1024w, https:\/\/www.withub.it\/finanza24\/wp-content\/uploads\/sites\/21\/2024\/05\/Siclari_Maria1-1-768x513.jpg 768w, https:\/\/www.withub.it\/finanza24\/wp-content\/uploads\/sites\/21\/2024\/05\/Siclari_Maria1-1-700x467.jpg 700w, https:\/\/www.withub.it\/finanza24\/wp-content\/uploads\/sites\/21\/2024\/05\/Siclari_Maria1-1.jpg 1504w\" sizes=\"auto, (max-width: 300px) 100vw, 300px\" \/>Laureata in Economia e Commercio all\u2019Universit\u00e0 degli studi di Messina, Maria Siclari e Direttrice generale dell\u2019ISPRA, l\u2019Istituto superiore per la protezione e la ricerca ambientale. Presso lo stesso istituto ha gi\u00e0 ricoperto gli incarichi di Capo Dipartimento del Servizio geologico d\u2019Italia e Direttrice generale del Dipartimento per la valutazione, il controllo e la sostenibilit\u00e0 ambientale. Tra i precedenti incarichi ricoperti anche quello di Direttrice generale dell\u2019Istituto nazionale di geofisica e vulcanologia (INGV) e Vice Capo Dipartimento della Protezione Civile.<\/span>[\/vc_column_text]    <\/div>\n<\/div><\/div>[vc_empty_space height=&#8221;20px&#8221;][vc_column_text css=&#8221;&#8221;]<strong>Dario Focarelli<\/strong>[\/vc_column_text]<div class=\"qode-accordion-holder clearfix qode-toggle qode-initial \">\n\t<h6 class=\"clearfix qode-title-holder\">\n<span class=\"qode-tab-title\">\n\t    <span class=\"qode-tab-title-inner\">\n        Direttore generale di ANIA    <\/span>\n<\/span>\n<span class=\"qode-accordion-mark\">\n    <span class=\"qode-accordion-mark-icon\">\n        <span class=\"icon_plus\"><\/span>\n        <span class=\"icon_minus-06\"><\/span>\n    <\/span>\n<\/span>\n<\/h6>\n<div  class=\"qode-accordion-content \" >\n    <div class=\"qode-accordion-content-inner\">\n        [vc_column_text css=&#8221;&#8221;]<span style=\"font-weight: 400\"><img loading=\"lazy\" decoding=\"async\" class=\" wp-image-1695 alignleft\" src=\"https:\/\/www.withub.it\/finanza24\/wp-content\/uploads\/sites\/21\/2024\/05\/Focarelli_Dario-300x300.jpg\" alt=\"\" width=\"181\" height=\"181\" srcset=\"https:\/\/www.withub.it\/finanza24\/wp-content\/uploads\/sites\/21\/2024\/05\/Focarelli_Dario-300x300.jpg 300w, https:\/\/www.withub.it\/finanza24\/wp-content\/uploads\/sites\/21\/2024\/05\/Focarelli_Dario-120x120.jpg 120w, https:\/\/www.withub.it\/finanza24\/wp-content\/uploads\/sites\/21\/2024\/05\/Focarelli_Dario-768x768.jpg 768w, https:\/\/www.withub.it\/finanza24\/wp-content\/uploads\/sites\/21\/2024\/05\/Focarelli_Dario-570x570.jpg 570w, https:\/\/www.withub.it\/finanza24\/wp-content\/uploads\/sites\/21\/2024\/05\/Focarelli_Dario-500x500.jpg 500w, https:\/\/www.withub.it\/finanza24\/wp-content\/uploads\/sites\/21\/2024\/05\/Focarelli_Dario-700x700.jpg 700w, https:\/\/www.withub.it\/finanza24\/wp-content\/uploads\/sites\/21\/2024\/05\/Focarelli_Dario.jpg 800w\" sizes=\"auto, (max-width: 181px) 100vw, 181px\" \/>Dario Focarelli \u00e8 Direttore Generale di ANIA dal settembre 2012. Dal 2004 \u00e8 stato Direttore Economia e Finanza e Chief Economist di ANIA. Tra il 1987 e il 2003 ha lavorato, con crescenti responsabilit\u00e0, per il Servizio Studi della Banca d&#8217;Italia dove si occupava di ricerca e analisi congiunturale sul mercato finanziario, con particolare focus su banche e assicurazioni. <\/span><\/p>\n<p><span style=\"font-weight: 400\">Dal 2012 \u00e8 Membro dell\u2019Executive Committee dell\u2019Insurance Europe (la Federazione europea delle Associazioni di imprese assicuratrici e riassicuratrici nazionali).\u00a0 In precedenza ha ricoperto numerosi incarichi negli organismi internazionali. Dal 2004 al 2012 \u00e8 stato Membro dell&#8217;Economics and Finance Committee di Insurance Europe. <\/span><\/p>\n<p><span style=\"font-weight: 400\">Dal 2006 al 2020 \u00e8 stato Adjunct Professor presso la Tanaka Business School, Imperial College di Londra. Dal 2011 al febbraio 2015 \u00e8 stato Membro del Comitato Scientifico dell&#8217;ESRB, il Comitato europeo per la vigilanza sul rischio sistemico presieduto dal Presidente della BCE. <\/span><\/p>\n<p><span style=\"font-weight: 400\">In precedenza, \u00e8 stato Membro del Panel Consultivo del CEIOPS (ora EIOPA) tra il 2004 e il 2008, e dello Stakeholder Group di EIOPA nel 2011. \u00a0 Si \u00e8 laureato con lode ed ha conseguito il Dottorato in Scienze Statistiche ed Attuariali presso l\u2019Universit\u00e0 \u201cLa Sapienza\u201d di Roma, dove dal 2010 al 2017 \u00e8 stato docente a contratto di \u201cGestione e Finanza delle imprese di assicurazione\u201d; dal 2016 \u00e8 Senior Fellow della LUISS SEP (Facolt\u00e0 di Economia Politica Europea). <\/span><\/p>\n<p><span style=\"font-weight: 400\">Dal 2019 \u00e8 Visiting Professor di \u201cActuarial and Financial Modelling for Solvency II\u201d presso l\u2019Universit\u00e0 Cattolica di Milano.\u00a0 Ha pubblicato numerosi articoli sulle principali riviste internazionali di economia e di finanza, tra cui American Economic Review, Journal of Monetary Economics, Journal of Business, Journal of Money, Credit and Banking.<\/span>[\/vc_column_text]    <\/div>\n<\/div><\/div>[vc_empty_space height=&#8221;20px&#8221;][vc_column_text css=&#8221;&#8221;]<strong>Francesca Brunori<\/strong>[\/vc_column_text]<div class=\"qode-accordion-holder clearfix qode-toggle qode-initial \">\n\t<h6 class=\"clearfix qode-title-holder\">\n<span class=\"qode-tab-title\">\n\t    <span class=\"qode-tab-title-inner\">\n        Confindustria, Direttrice Credito e Finanza    <\/span>\n<\/span>\n<span class=\"qode-accordion-mark\">\n    <span class=\"qode-accordion-mark-icon\">\n        <span class=\"icon_plus\"><\/span>\n        <span class=\"icon_minus-06\"><\/span>\n    <\/span>\n<\/span>\n<\/h6>\n<div  class=\"qode-accordion-content \" >\n    <div class=\"qode-accordion-content-inner\">\n        [vc_column_text css=&#8221;&#8221;]<img loading=\"lazy\" decoding=\"async\" class=\"wp-image-1687 alignleft\" src=\"https:\/\/www.withub.it\/finanza24\/wp-content\/uploads\/sites\/21\/2024\/05\/Brunori_Francesca.jpg\" alt=\"\" width=\"217\" height=\"217\" srcset=\"https:\/\/www.withub.it\/finanza24\/wp-content\/uploads\/sites\/21\/2024\/05\/Brunori_Francesca.jpg 300w, https:\/\/www.withub.it\/finanza24\/wp-content\/uploads\/sites\/21\/2024\/05\/Brunori_Francesca-120x120.jpg 120w\" sizes=\"auto, (max-width: 217px) 100vw, 217px\" \/><\/p>\n<p><span style=\"font-weight: 400\">Laureata in Scienze economiche e bancarie presso l\u2019Universit\u00e0 degli Studi di Siena, lavora in Confindustria dal 2009. Dirige l\u2019Area Credito e Finanza dal 2018. \u00c8 stata Direttore Generale di Federconfidi-Confindustria e ha ricoperto le cariche di Presidente del Consiglio di Amministrazione di Previndai, Consigliere di Amministrazione di banca Akros e di Fondo Italiano di Investimento Sgr SpA. Attualmente \u00e8 Consigliere di Amministrazione di Banca del Fucino, membro del Consiglio di Gestione di Fondo di Garanzia per le PMI, Presidente del Financial Affairs Working Group di Business Europe.<\/span>[\/vc_column_text]    <\/div>\n<\/div><\/div>[vc_empty_space height=&#8221;20px&#8221;][vc_column_text css=&#8221;&#8221;]<\/p>\n<h5><b>Modera<\/b><\/h5>\n<p>[\/vc_column_text][vc_column_text css=&#8221;&#8221;]<b>Giuliano Zulin<\/b>[\/vc_column_text]<div class=\"qode-accordion-holder clearfix qode-toggle qode-initial \">\n\t<h6 class=\"clearfix qode-title-holder\">\n<span class=\"qode-tab-title\">\n\t    <span class=\"qode-tab-title-inner\">\n        Responsabile redazione Economia di Gea    <\/span>\n<\/span>\n<span class=\"qode-accordion-mark\">\n    <span class=\"qode-accordion-mark-icon\">\n        <span class=\"icon_plus\"><\/span>\n        <span class=\"icon_minus-06\"><\/span>\n    <\/span>\n<\/span>\n<\/h6>\n<div  class=\"qode-accordion-content \" >\n    <div class=\"qode-accordion-content-inner\">\n        [vc_column_text css=&#8221;&#8221;]<img loading=\"lazy\" decoding=\"async\" class=\" wp-image-1704 alignleft\" src=\"https:\/\/www.withub.it\/finanza24\/wp-content\/uploads\/sites\/21\/2024\/05\/ImportedPhoto_1716999193869-194x300.jpg\" alt=\"\" width=\"136\" height=\"211\" srcset=\"https:\/\/www.withub.it\/finanza24\/wp-content\/uploads\/sites\/21\/2024\/05\/ImportedPhoto_1716999193869-194x300.jpg 194w, https:\/\/www.withub.it\/finanza24\/wp-content\/uploads\/sites\/21\/2024\/05\/ImportedPhoto_1716999193869.jpg 375w\" sizes=\"auto, (max-width: 136px) 100vw, 136px\" \/><span style=\"font-weight: 400\">Giuliano Zulin, classe 1977. Giornalista. Lavora a Green Economy Agency. Ex portavoce del presidente della Regione Veneto ed ex vicedirettore del quotidiano Libero. Innamorato della finanza e dell\u2019economia.<\/span>[\/vc_column_text]    <\/div>\n<\/div><\/div>[\/vc_column_inner][\/vc_row_inner][vc_empty_space height=&#8221;30px&#8221;][vc_row_inner row_type=&#8221;row&#8221; type=&#8221;full_width&#8221; text_align=&#8221;left&#8221; css_animation=&#8221;&#8221; el_class=&#8221;blocco-programma&#8221;][vc_column_inner width=&#8221;1\/6&#8243;][vc_column_text css=&#8221;&#8221; el_class=&#8221;box-programma&#8221;]<\/p>\n<p style=\"text-align: center\">Ore<\/p>\n<p style=\"text-align: center\"><strong>13.15<\/strong><\/p>\n<p>[\/vc_column_text][\/vc_column_inner][vc_column_inner width=&#8221;5\/6&#8243;][vc_empty_space height=&#8221;30px&#8221;][vc_column_text css=&#8221;&#8221;]<strong>Light lunch<\/strong>[\/vc_column_text][\/vc_column_inner][\/vc_row_inner][vc_row_inner row_type=&#8221;row&#8221; type=&#8221;full_width&#8221; text_align=&#8221;left&#8221; css_animation=&#8221;&#8221; el_class=&#8221;blocco-programma&#8221;][vc_column_inner el_class=&#8221;box-left-border&#8221; width=&#8221;5\/6&#8243;][vc_empty_space][vc_empty_space][vc_column_text css=&#8221;&#8221;][\/vc_column_text][\/vc_column_inner][\/vc_row_inner][\/vc_column][\/vc_row][vc_row css_animation=&#8221;&#8221; row_type=&#8221;row&#8221; use_row_as_full_screen_section=&#8221;no&#8221; type=&#8221;grid&#8221; angled_section=&#8221;no&#8221; text_align=&#8221;left&#8221; background_image_as_pattern=&#8221;without_pattern&#8221; z_index=&#8221;&#8221; css=&#8221;.vc_custom_1694528500442{background-color: #ffffff !important;}&#8221; el_id=&#8221;adesione&#8221;][vc_column][vc_row_inner row_type=&#8221;row&#8221; type=&#8221;full_width&#8221; text_align=&#8221;left&#8221; css_animation=&#8221;&#8221;][vc_column_inner][vc_empty_space height=&#8221;64px&#8221;]\n<div class=\"wpcf7 no-js\" id=\"wpcf7-f478-o1\" lang=\"it-IT\" dir=\"ltr\" data-wpcf7-id=\"478\">\n<div class=\"screen-reader-response\"><p role=\"status\" aria-live=\"polite\" aria-atomic=\"true\"><\/p> <ul><\/ul><\/div>\n<form action=\"\/finanza24\/wp-json\/wp\/v2\/pages\/14#wpcf7-f478-o1\" method=\"post\" class=\"wpcf7-form init default\" aria-label=\"Modulo di contatto\" novalidate=\"novalidate\" data-status=\"init\">\n<fieldset class=\"hidden-fields-container\"><input type=\"hidden\" name=\"_wpcf7\" value=\"478\" \/><input type=\"hidden\" name=\"_wpcf7_version\" value=\"6.1.5\" \/><input type=\"hidden\" name=\"_wpcf7_locale\" value=\"it_IT\" \/><input type=\"hidden\" name=\"_wpcf7_unit_tag\" value=\"wpcf7-f478-o1\" \/><input type=\"hidden\" name=\"_wpcf7_container_post\" value=\"0\" \/><input type=\"hidden\" name=\"_wpcf7_posted_data_hash\" value=\"\" \/><input type=\"hidden\" name=\"_wpcf7_recaptcha_response\" value=\"\" \/>\n<\/fieldset>\n<div id=\"iscriviti-form\">\n\t<p>\n\t<\/p>\n\t<h1>COMPILA IL FORM E ISCRIVITI ALL'EVENTO\n\t<\/h1>\n\t<p><label>Nome <span>*<\/span><br \/>\n<span class=\"wpcf7-form-control-wrap\" data-name=\"nome\"><input size=\"40\" maxlength=\"400\" class=\"wpcf7-form-control wpcf7-text wpcf7-validates-as-required nome_value\" aria-required=\"true\" aria-invalid=\"false\" value=\"\" type=\"text\" name=\"nome\" \/><\/span><\/label><br \/>\n<label>Cognome <span>*<\/span><br \/>\n<span class=\"wpcf7-form-control-wrap\" data-name=\"cognome\"><input size=\"40\" maxlength=\"400\" class=\"wpcf7-form-control wpcf7-text wpcf7-validates-as-required cognome_value\" aria-required=\"true\" aria-invalid=\"false\" value=\"\" type=\"text\" name=\"cognome\" \/><\/span><\/label><br \/>\n<label> Email <span>*<\/span><br \/>\n<span class=\"wpcf7-form-control-wrap\" data-name=\"your-email\"><input size=\"40\" maxlength=\"400\" class=\"wpcf7-form-control wpcf7-email wpcf7-validates-as-required wpcf7-text wpcf7-validates-as-email email_value\" autocomplete=\"email\" aria-required=\"true\" aria-invalid=\"false\" value=\"\" type=\"email\" name=\"your-email\" \/><\/span> <\/label><br \/>\n<label>Telefono<br \/>\n<span class=\"wpcf7-form-control-wrap\" data-name=\"telefono\"><input size=\"40\" maxlength=\"400\" class=\"wpcf7-form-control wpcf7-tel wpcf7-text wpcf7-validates-as-tel tel_value\" aria-invalid=\"false\" value=\"\" type=\"tel\" name=\"telefono\" \/><\/span><\/label><br \/>\n<label>Sei un giornalista?<br \/>\n<span class=\"wpcf7-form-control-wrap\" data-name=\"giornalista\"><select class=\"wpcf7-form-control wpcf7-select wpcf7-validates-as-required\" id=\"giornalista\" aria-required=\"true\" aria-invalid=\"false\" name=\"giornalista\"><option value=\"\">&#8212;Seleziona un&#039;opzione&#8212;<\/option><option value=\"S\u00ec\">S\u00ec<\/option><option value=\"No\">No<\/option><\/select><\/span><\/label>\n\t<\/p>\n\t<p><label class=\"testata\">Testata <span>*<\/span><br \/>\n<span class=\"wpcf7-form-control-wrap\" data-name=\"testata\"><select class=\"wpcf7-form-control wpcf7-select wpcf7-validates-as-required\" id=\"testata_s\" aria-required=\"true\" aria-invalid=\"false\" name=\"testata\"><option value=\"\">&#8212;Seleziona un&#039;opzione&#8212;<\/option><\/select><\/span><\/label>\n\t<\/p>\n\t<p><label>Societ\u00e0<br \/>\n<span class=\"wpcf7-form-control-wrap\" data-name=\"societa\"><input size=\"40\" maxlength=\"400\" class=\"wpcf7-form-control wpcf7-text azienda_value\" aria-invalid=\"false\" value=\"\" type=\"text\" name=\"societa\" \/><\/span><\/label>\n\t<\/p>\n\t<p><label>Come sei venuto a conoscenza dell'evento?<br \/>\n<span class=\"wpcf7-form-control-wrap\" data-name=\"Comeseivenutoaconoscenzadellevento\"><select class=\"wpcf7-form-control wpcf7-select\" id=\"fonte\" aria-invalid=\"false\" name=\"Comeseivenutoaconoscenzadellevento\"><option value=\"\">&#8212;Seleziona un&#039;opzione&#8212;<\/option><\/select><\/span><\/label>\n\t<\/p>\n\t<p><label class=\"hide-source\">Specifica come<br \/>\n<span class=\"wpcf7-form-control-wrap\" data-name=\"other-source\"><input size=\"40\" maxlength=\"400\" class=\"wpcf7-form-control wpcf7-text\" aria-invalid=\"false\" value=\"\" type=\"text\" name=\"other-source\" \/><\/span><\/label>\n\t<\/p>\n\t<p><label><a href=\"https:\/\/www.withub.it\/finanza24\/privacy\/\" target=\"_blank\" style=\"text-decoration:underline\">Privacy policy<\/a><\/label><br \/>\n<label><br \/>\n<span class=\"wpcf7-form-control-wrap\" data-name=\"privacy_ok\"><span class=\"wpcf7-form-control wpcf7-acceptance optional\"><span class=\"wpcf7-list-item\"><label><input type=\"checkbox\" name=\"privacy_ok\" value=\"1\" class=\"privacy\" aria-invalid=\"false\" \/><span class=\"wpcf7-list-item-label\">Alla luce dell'informativa che segue esprimo il consenso al trattamento dei miei dati personali ai fini commerciali.<\/span><\/label><\/span><\/span><\/span><\/label><br \/>\n<label><br \/>\n<span class=\"wpcf7-form-control-wrap\" data-name=\"promotional_ok\"><span class=\"wpcf7-form-control wpcf7-acceptance optional\"><span class=\"wpcf7-list-item\"><label><input type=\"checkbox\" name=\"promotional_ok\" value=\"1\" aria-invalid=\"false\" \/><span class=\"wpcf7-list-item-label\">Voglio essere informato sui prossimi eventi di Withub e dei suoi partner.<\/span><\/label><\/span><\/span><\/span><\/label><br \/>\n<label><br \/>\n<span class=\"wpcf7-form-control-wrap\" data-name=\"images_ok\"><span class=\"wpcf7-form-control wpcf7-acceptance optional\"><span class=\"wpcf7-list-item\"><label><input type=\"checkbox\" name=\"images_ok\" value=\"1\" aria-invalid=\"false\" \/><span class=\"wpcf7-list-item-label\">Autorizzo Withub ad effettuare riprese fotografiche e video durante l\u2019evento ed utilizzare le suddette riprese fotografiche e video a fini istituzionali e promozionali.<\/span><\/label><\/span><\/span><\/span><\/label>\n\t<\/p>\n\t<p>I campi contrassegnati con <span style=\"color:red\">*<\/span> sono obbligatori.\n\t<\/p>\n\t<p><span class=\"wpcf7-form-control-wrap\" data-name=\"url-referrer\"><input size=\"40\" maxlength=\"400\" class=\"wpcf7-form-control wpcf7-text hide-cf7\" aria-invalid=\"false\" value=\"\" type=\"text\" name=\"url-referrer\" \/><\/span><br \/>\n<span class=\"wpcf7-form-control-wrap\" data-name=\"partnerId\"><input size=\"40\" maxlength=\"400\" class=\"wpcf7-form-control wpcf7-text hide-cf7 partner_value\" aria-invalid=\"false\" value=\"\" type=\"text\" name=\"partnerId\" \/><\/span><br \/>\n<span class=\"wpcf7-form-control-wrap\" data-name=\"fonteId\"><input size=\"40\" maxlength=\"400\" class=\"wpcf7-form-control wpcf7-text hide-cf7 fonte_id\" aria-invalid=\"false\" value=\"\" type=\"text\" name=\"fonteId\" \/><\/span>\n\t<\/p>\n<span class=\"wpcf7-form-control-wrap recaptcha\" data-name=\"recaptcha\"><span data-sitekey=\"6Ldj-SEiAAAAAEspXsY2sBJ_VgfOGsBKFOPiLebY\" class=\"wpcf7-form-control wpcf7-recaptcha g-recaptcha\"><\/span>\r\n<noscript>\r\n\t<div class=\"grecaptcha-noscript\">\r\n\t\t<iframe loading=\"lazy\" src=\"https:\/\/www.google.com\/recaptcha\/api\/fallback?k=6Ldj-SEiAAAAAEspXsY2sBJ_VgfOGsBKFOPiLebY\" frameborder=\"0\" scrolling=\"no\" width=\"310\" height=\"430\">\r\n\t\t<\/iframe>\r\n\t\t<textarea name=\"g-recaptcha-response\" rows=\"3\" cols=\"40\" placeholder=\"reCaptcha Response Here\">\r\n\t\t<\/textarea>\r\n\t<\/div>\r\n<\/noscript>\r\n<\/span>\n\t<p><input class=\"wpcf7-form-control wpcf7-submit has-spinner\" id=\"idforsubmit\" type=\"submit\" value=\"Invia\" \/>\n\t<\/p>\n<\/div><div class=\"wpcf7-response-output\" aria-hidden=\"true\"><\/div>\n<\/form>\n<\/div>\n[vc_empty_space height=&#8221;16px&#8221;][\/vc_column_inner][\/vc_row_inner][\/vc_column][\/vc_row][vc_row css_animation=&#8221;&#8221; row_type=&#8221;row&#8221; use_row_as_full_screen_section=&#8221;no&#8221; type=&#8221;grid&#8221; angled_section=&#8221;no&#8221; text_align=&#8221;left&#8221; background_image_as_pattern=&#8221;without_pattern&#8221; el_id=&#8221;location&#8221; z_index=&#8221;&#8221; css=&#8221;.vc_custom_1675675209857{background-color: #ffffff !important;}&#8221;][vc_column][vc_row_inner row_type=&#8221;row&#8221; type=&#8221;full_width&#8221; text_align=&#8221;left&#8221; css_animation=&#8221;&#8221;][vc_column_inner][vc_empty_space height=&#8221;64px&#8221;][vc_column_text]<\/p>\n<p style=\"text-align: left\"><strong>LOCATION<\/strong><\/p>\n<p>[\/vc_column_text][vc_column_text css=&#8221;&#8221;]<\/p>\n<h4 style=\"text-align: left\"><strong>Europa Experience David Sassoli<\/strong><\/h4>\n<p style=\"text-align: left\">Piazza Venezia 6 C &#8211; 00187 Roma RM, Italy<\/p>\n<p>[\/vc_column_text][vc_empty_space height=&#8221;16px&#8221;][\/vc_column_inner][\/vc_row_inner][vc_empty_space height=&#8221;20px&#8221;][vc_row_inner row_type=&#8221;row&#8221; type=&#8221;full_width&#8221; text_align=&#8221;left&#8221; css_animation=&#8221;&#8221;][vc_column_inner width=&#8221;7\/12&#8243;][vc_single_image image=&#8221;751&#8243; img_size=&#8221;large&#8221; alignment=&#8221;center&#8221; qode_css_animation=&#8221;&#8221;][\/vc_column_inner][vc_column_inner width=&#8221;5\/12&#8243;][vc_gmaps link=&#8221;#E-8_JTNDaWZyYW1lJTIwc3JjJTNEJTIyaHR0cHMlM0ElMkYlMkZ3d3cuZ29vZ2xlLmNvbSUyRm1hcHMlMkZlbWJlZCUzRnBiJTNEJTIxMW0xNCUyMTFtOCUyMTFtMyUyMTFkMTE4NzkuMzQ3MDgyNzExMTk0JTIxMmQxMi40ODI4NjQ0JTIxM2Q0MS44OTYzNjc0JTIxM20yJTIxMWkxMDI0JTIxMmk3NjglMjE0ZjEzLjElMjEzbTMlMjExbTIlMjExczB4MTMyZjYxODYxMjAyM2NjNSUyNTNBMHgxMjNlNDQyZjgxYjVkYmIzJTIxMnNFdXJvcGElMjUyMEV4cGVyaWVuY2UlMjUyMC0lMjUyMERhdmlkJTI1MjBTYXNzb2xpJTIxNWUwJTIxM20yJTIxMXNpdCUyMTJzaXQlMjE0djE2NzU4NzI5NDA1OTclMjE1bTIlMjExc2l0JTIxMnNpdCUyMiUyMHdpZHRoJTNEJTIyNjAwJTIyJTIwaGVpZ2h0JTNEJTIyNDUwJTIyJTIwc3R5bGUlM0QlMjJib3JkZXIlM0EwJTNCJTIyJTIwYWxsb3dmdWxsc2NyZWVuJTNEJTIyJTIyJTIwbG9hZGluZyUzRCUyMmxhenklMjIlMjByZWZlcnJlcnBvbGljeSUzRCUyMm5vLXJlZmVycmVyLXdoZW4tZG93bmdyYWRlJTIyJTNFJTNDJTJGaWZyYW1lJTNF&#8221;][vc_empty_space height=&#8221;16px&#8221;]<a itemprop=\"url\" href=\"https:\/\/www.google.com\/maps\/dir\/\/Europa+Experience+-+David+Sassoli+Piazza+Venezia,+6+00187+Roma+RM\/@41.89662,12.482738,14z\/data=!4m5!4m4!1m0!1m2!1m1!1s0x132f618612023cc5:0x123e442f81b5dbb3\" target=\"_blank\" class=\"qbutton  default btn-full\" style=\"\" rel=\"noopener\">Indicazioni stradali<\/a>[\/vc_column_inner][\/vc_row_inner][vc_empty_space height=&#8221;30px&#8221;][\/vc_column][\/vc_row][vc_row css_animation=&#8221;&#8221; row_type=&#8221;row&#8221; use_row_as_full_screen_section=&#8221;no&#8221; type=&#8221;grid&#8221; angled_section=&#8221;no&#8221; text_align=&#8221;left&#8221; background_image_as_pattern=&#8221;without_pattern&#8221; el_id=&#8221;sponsor&#8221; z_index=&#8221;&#8221; el_class=&#8221;sponsor&#8221; css=&#8221;.vc_custom_1675675240411{background-color: #ffffff !important;}&#8221;][vc_column][vc_empty_space height=&#8221;64px&#8221;][vc_row_inner row_type=&#8221;row&#8221; type=&#8221;full_width&#8221; text_align=&#8221;left&#8221; css_animation=&#8221;&#8221;][vc_column_inner css=&#8221;.vc_custom_1694764625604{margin-bottom: 10px !important;}&#8221; offset=&#8221;vc_col-xs-12&#8243;][vc_empty_space height=&#8221;48px&#8221;][vc_column_text]<\/p>\n<p style=\"text-align: center\"><strong>IN COLLABORAZIONE CON<\/strong><\/p>\n<p>[\/vc_column_text][vc_single_image image=&#8221;1544&#8243; img_size=&#8221;full&#8221; alignment=&#8221;center&#8221; css=&#8221;.vc_custom_1713776330463{margin-top: 16px !important;}&#8221; qode_css_animation=&#8221;&#8221;][\/vc_column_inner][\/vc_row_inner][vc_row_inner row_type=&#8221;row&#8221; type=&#8221;full_width&#8221; text_align=&#8221;left&#8221; css_animation=&#8221;&#8221;][vc_column_inner css=&#8221;.vc_custom_1716193142478{margin-bottom: 10px !important;}&#8221; offset=&#8221;vc_col-xs-12&#8243;][vc_empty_space height=&#8221;48px&#8221;][vc_column_text]<\/p>\n<p style=\"text-align: center\"><strong>CON IL PATROCINIO DI<\/strong><\/p>\n<p>[\/vc_column_text][vc_empty_space height=&#8221;10px&#8221;][vc_single_image image=&#8221;1211&#8243; alignment=&#8221;center&#8221; css=&#8221;.vc_custom_1715245866058{padding-right: 0px !important;padding-left: 0px !important;}&#8221; qode_css_animation=&#8221;&#8221;][\/vc_column_inner][\/vc_row_inner][vc_row_inner row_type=&#8221;row&#8221; type=&#8221;full_width&#8221; text_align=&#8221;left&#8221; css_animation=&#8221;&#8221;][vc_column_inner css=&#8221;.vc_custom_1717508884011{margin-bottom: 10px !important;}&#8221; offset=&#8221;vc_col-xs-12&#8243;][vc_empty_space height=&#8221;48px&#8221;][vc_column_text]<\/p>\n<p style=\"text-align: center;font-size: 16px\"><strong>MEDIA PARTNER<\/strong><\/p>\n<p>[\/vc_column_text][vc_single_image image=&#8221;1756&#8243; img_size=&#8221;full&#8221; alignment=&#8221;center&#8221; css=&#8221;.vc_custom_1717769707728{padding-right: 0px !important;padding-left: 0px !important;}&#8221; qode_css_animation=&#8221;&#8221;][vc_empty_space][\/vc_column_inner][\/vc_row_inner][vc_row_inner row_type=&#8221;row&#8221; type=&#8221;full_width&#8221; text_align=&#8221;left&#8221; css_animation=&#8221;&#8221;][vc_column_inner css=&#8221;.vc_custom_1713276740039{margin-bottom: 10px !important;}&#8221; offset=&#8221;vc_hidden-lg vc_hidden-md vc_hidden-sm vc_col-xs-12 vc_hidden-xs&#8221;][vc_empty_space height=&#8221;30px&#8221;][vc_column_text]<\/p>\n<p style=\"text-align: center;font-size: 16px\"><strong>SI RINGRAZIA<\/strong><\/p>\n<p>[\/vc_column_text][vc_single_image image=&#8221;1444&#8243; img_size=&#8221;full&#8221; alignment=&#8221;center&#8221; css=&#8221;.vc_custom_1696605342802{padding-right: 0px !important;padding-left: 0px !important;}&#8221; qode_css_animation=&#8221;&#8221;][\/vc_column_inner][\/vc_row_inner][vc_empty_space height=&#8221;64px&#8221;][vc_row_inner row_type=&#8221;row&#8221; type=&#8221;full_width&#8221; text_align=&#8221;left&#8221; css_animation=&#8221;&#8221;][vc_column_inner width=&#8221;1\/2&#8243;][vc_single_image image=&#8221;1663&#8243; img_size=&#8221;full&#8221; alignment=&#8221;center&#8221; onclick=&#8221;custom_link&#8221; img_link_target=&#8221;_blank&#8221; css=&#8221;&#8221; qode_css_animation=&#8221;&#8221; link=&#8221;https:\/\/www.eunews.it\/2024\/05\/16\/gentiloni-transizione-verde-investimenti\/&#8221;][vc_empty_space height=&#8221;16px&#8221;][vc_column_text css=&#8221;&#8221;]<\/p>\n<h6 class=\"entry_title\"><a href=\"https:\/\/www.eunews.it\/2024\/05\/16\/gentiloni-transizione-verde-investimenti\/\" target=\"_blank\" rel=\"noopener\">Gentiloni: \u201cPer la transizione verde bisogna immaginare uno strumento comune di investimenti\u201d<\/a><\/h6>\n<p>[\/vc_column_text][vc_empty_space height=&#8221;16px&#8221;]<a itemprop=\"url\" href=\"https:\/\/geagency.it\/allarme-delleuroparlamento-troppi-detriti-nello-spazio-serve-una-green-economy-anche-in-orbita\/\" target=\"_blank\" class=\"qbutton  default\" style=\"\" rel=\"noopener\">Leggi l'articolo<\/a>[vc_empty_space height=&#8221;64px&#8221;][\/vc_column_inner][vc_column_inner width=&#8221;1\/2&#8243;][vc_single_image image=&#8221;1667&#8243; img_size=&#8221;full&#8221; alignment=&#8221;center&#8221; onclick=&#8221;custom_link&#8221; img_link_target=&#8221;_blank&#8221; css=&#8221;&#8221; qode_css_animation=&#8221;&#8221; link=&#8221;https:\/\/geagency.it\/siclari-ispra-al-geatalk-imprese-vanno-accompagnate-per-sviluppo-rispettando-ambiente\/&#8221;][vc_empty_space height=&#8221;16px&#8221;][vc_column_text css=&#8221;&#8221;]<\/p>\n<h6 class=\"entry_title\"><a href=\"https:\/\/geagency.it\/siclari-ispra-al-geatalk-imprese-vanno-accompagnate-per-sviluppo-rispettando-ambiente\/\" target=\"_blank\" rel=\"noopener\">Siclari (Ispra) al #GeaTalk: \u201cImprese vanno accompagnate rispettando ambiente\u201d<\/a><\/h6>\n<p>[\/vc_column_text][vc_empty_space height=&#8221;16px&#8221;]<a itemprop=\"url\" href=\"https:\/\/geagency.it\/limpatto-ambientale-sara-un-pilastro-della-futura-legge-ue-sullo-spazio\/\" target=\"_blank\" class=\"qbutton  default\" style=\"\" rel=\"noopener\">Leggi l'articolo<\/a>[vc_empty_space height=&#8221;64px&#8221;][\/vc_column_inner][\/vc_row_inner][vc_empty_space][\/vc_column][\/vc_row][vc_row css_animation=&#8221;&#8221; row_type=&#8221;row&#8221; use_row_as_full_screen_section=&#8221;no&#8221; type=&#8221;full_width&#8221; angled_section=&#8221;no&#8221; text_align=&#8221;left&#8221; background_image_as_pattern=&#8221;without_pattern&#8221;][vc_column css=&#8221;.vc_custom_1693985777553{margin-right: -15px !important;margin-left: -15px !important;}&#8221;][vc_empty_space height=&#8221;16px&#8221;][vc_column_text]<small style=\"color: #ffffff\">Per richiedere informazioni inviare una mail a <a style=\"color: #ffffff;text-decoration: underline\" href=\"mailto:eventi@withub.it\">eventi@withub.it<\/a><\/small><\/p>\n<p><small style=\"color: #ffffff\">Copyright Withub SPA | P.IVA: 1234567890 | <a style=\"color: #ffffff;text-decoration: underline\" href=\"https:\/\/www.withub.it\/finanza24\/privacy-policy\/\" target=\"_blank\" rel=\"noopener\">Privacy policy<\/a><\/small>[\/vc_column_text][vc_empty_space height=&#8221;48px&#8221;][\/vc_column][\/vc_row]<\/p>\n<\/div>","protected":false},"excerpt":{"rendered":"<p>[vc_row css_animation=&#8221;&#8221; row_type=&#8221;row&#8221; use_row_as_full_screen_section=&#8221;no&#8221; type=&#8221;grid&#8221; angled_section=&#8221;no&#8221; text_align=&#8221;left&#8221; background_image_as_pattern=&#8221;without_pattern&#8221; z_index=&#8221;&#8221;][vc_column][vc_row_inner row_type=&#8221;row&#8221; type=&#8221;full_width&#8221; text_align=&#8221;left&#8221; css_animation=&#8221;&#8221; el_class=&#8221;no-padding&#8221;][vc_column_inner][vc_column_text css=&#8221;&#8221;] GREEN ECONOMY FINANCE: LA FINANZA E LE ASSICURAZIONI NELLA TRANSIZIONE VERDE [\/vc_column_text][vc_empty_space height=&#8221;50px&#8221;][\/vc_column_inner][\/vc_row_inner][vc_row_inner row_type=&#8221;row&#8221; type=&#8221;full_width&#8221; text_align=&#8221;left&#8221; css_animation=&#8221;&#8221; el_class=&#8221;no-padding&#8221; el_id=&#8221;loghi-withub&#8221;][vc_column_inner width=&#8221;1\/3&#8243; offset=&#8221;vc_col-xs-6&#8243;][vc_single_image image=&#8221;865&#8243; img_size=&#8221;148&#215;23&#8243; onclick=&#8221;custom_link&#8221; qode_css_animation=&#8221;&#8221; link=&#8221;https:\/\/www.eunews.it\/&#8221;][\/vc_column_inner][vc_column_inner width=&#8221;1\/3&#8243; offset=&#8221;vc_col-xs-6&#8243;][vc_single_image image=&#8221;864&#8243; img_size=&#8221;148&#215;62&#8243;&#8230;<\/p>\n","protected":false},"author":40,"featured_media":0,"parent":0,"menu_order":0,"comment_status":"closed","ping_status":"closed","template":"","meta":{"footnotes":""},"class_list":["post-14","page","type-page","status-publish","hentry"],"_links":{"self":[{"href":"https:\/\/www.withub.it\/finanza24\/wp-json\/wp\/v2\/pages\/14","targetHints":{"allow":["GET"]}}],"collection":[{"href":"https:\/\/www.withub.it\/finanza24\/wp-json\/wp\/v2\/pages"}],"about":[{"href":"https:\/\/www.withub.it\/finanza24\/wp-json\/wp\/v2\/types\/page"}],"author":[{"embeddable":true,"href":"https:\/\/www.withub.it\/finanza24\/wp-json\/wp\/v2\/users\/40"}],"replies":[{"embeddable":true,"href":"https:\/\/www.withub.it\/finanza24\/wp-json\/wp\/v2\/comments?post=14"}],"version-history":[{"count":1083,"href":"https:\/\/www.withub.it\/finanza24\/wp-json\/wp\/v2\/pages\/14\/revisions"}],"predecessor-version":[{"id":1799,"href":"https:\/\/www.withub.it\/finanza24\/wp-json\/wp\/v2\/pages\/14\/revisions\/1799"}],"wp:attachment":[{"href":"https:\/\/www.withub.it\/finanza24\/wp-json\/wp\/v2\/media?parent=14"}],"curies":[{"name":"wp","href":"https:\/\/api.w.org\/{rel}","templated":true}]}}